{"id":215,"date":"2016-06-13T07:35:23","date_gmt":"2016-06-13T06:35:23","guid":{"rendered":"http:\/\/tsvtuebach.ch\/web\/?page_id=215"},"modified":"2026-03-20T13:52:09","modified_gmt":"2026-03-20T12:52:09","slug":"vorstand","status":"publish","type":"page","link":"https:\/\/tsvtuebach.ch\/web\/portrait\/vorstand\/","title":{"rendered":"Vorstand"},"content":{"rendered":"<p><div class=\"fusion-fullwidth fullwidth-box hundred-percent-fullwidth non-hundred-percent-height-scrolling\"  style='background-color: rgba(255,255,255,0);background-position: center center;background-repeat: no-repeat;padding-top:0px;padding-right:0px;padding-bottom:0px;padding-left:0px;'><div class=\"fusion-builder-row fusion-row \"><div  class=\"fusion-layout-column fusion_builder_column fusion_builder_column_1_1 fusion-builder-column-1 fusion-one-full fusion-column-first fusion-column-last fusion-column-no-min-height 1_1\"  style='margin-top:0px;margin-bottom:0px;'>\n\t\t\t\t\t<div class=\"fusion-column-wrapper\" style=\"padding: 0px 0px 0px 0px;background-position:left top;background-repeat:no-repeat;-webkit-background-size:cover;-moz-background-size:cover;-o-background-size:cover;background-size:cover;\"   data-bg-url=\"\">\n\t\t\t\t\t\t<div class=\"fusion-text\"><h2>Vorstand und Verantwortlichkeiten<\/h2>\n<p>F\u00fcr Anfragen oder Informationen, steht Ihnen unser Vorstand gerne zur Verf\u00fcgung. Am Besten, Sie wenden sich direkt via <a href=\"http:\/\/tsvtuebach.ch\/web\/kontakt\/\">Kontaktformular <\/a>an uns. Wir sind bem\u00fcht, Ihre Nachricht so schnell als m\u00f6glich zu beantworten und zu bearbeiten.<\/p>\n<p>Freundliche Gr\u00fcsse, TSV T\u00fcbach und Jugi T\u00fcbach<\/p>\n<\/div><div class=\"fusion-clearfix\"><\/div>\n\n\t\t\t\t\t<\/div>\n\t\t\t\t<\/div><\/div><\/div><div class=\"fusion-fullwidth fullwidth-box nonhundred-percent-fullwidth non-hundred-percent-height-scrolling\"  style='background-color: rgba(255,255,255,0);background-position: left top;background-repeat: no-repeat;padding-top:20px;padding-right:0px;padding-bottom:20px;padding-left:0px;border-top-width:0px;border-bottom-width:0px;border-color:#eae9e9;border-top-style:solid;border-bottom-style:solid;'><div class=\"fusion-builder-row fusion-row \"><div  class=\"fusion-layout-column fusion_builder_column fusion_builder_column_1_2 fusion-builder-column-2 fusion-one-half fusion-column-first 1_2\"  style='margin-top:0px;margin-bottom:20px;width:48%; margin-right: 4%;'>\n\t\t\t\t\t<div class=\"fusion-column-wrapper\" style=\"padding: 0px 0px 0px 0px;background-position:left top;background-repeat:no-repeat;-webkit-background-size:cover;-moz-background-size:cover;-o-background-size:cover;background-size:cover;\"   data-bg-url=\"\">\n\t\t\t\t\t\t<div class=\"fusion-person person fusion-person-center fusion-person-1 fusion-person-icon-top\"><div class=\"person-shortcode-image-wrapper\"><div class=\"person-image-container hover-type-none person-rounded-overflow\" style=\"-webkit-border-radius:10px;-moz-border-radius:10px;border-radius:10px;border:1px solid #0088cc;-webkit-border-radius:10px;-moz-border-radius:10px;border-radius:10px;\"><img loading=\"lazy\" class=\"person-img img-responsive wp-image-5021\" width=\"268\" height=\"300\" src=\"http:\/\/tsvtuebach.ch\/web\/wp-content\/uploads\/2022\/05\/20220510_191357-scaled-e1652441700275-268x300.jpg\" alt=\"Manuel Keel\" srcset=\"https:\/\/tsvtuebach.ch\/web\/wp-content\/uploads\/2022\/05\/20220510_191357-scaled-e1652441700275-200x224.jpg 200w, https:\/\/tsvtuebach.ch\/web\/wp-content\/uploads\/2022\/05\/20220510_191357-scaled-e1652441700275-400x448.jpg 400w, https:\/\/tsvtuebach.ch\/web\/wp-content\/uploads\/2022\/05\/20220510_191357-scaled-e1652441700275-600x672.jpg 600w, https:\/\/tsvtuebach.ch\/web\/wp-content\/uploads\/2022\/05\/20220510_191357-scaled-e1652441700275-800x896.jpg 800w, https:\/\/tsvtuebach.ch\/web\/wp-content\/uploads\/2022\/05\/20220510_191357-scaled-e1652441700275-1200x1345.jpg 1200w, https:\/\/tsvtuebach.ch\/web\/wp-content\/uploads\/2022\/05\/20220510_191357-scaled-e1652441700275.jpg 1593w\" sizes=\"(max-width: 800px) 100vw, 268px\" \/><\/div><\/div><div class=\"person-desc\"><div class=\"person-author\"><div class=\"person-author-wrapper\"><span class=\"person-name\">Manuel Keel<\/span><span class=\"person-title\">Co-Pr\u00e4sident TSV T\u00fcbach und Jugi T\u00fcbach<\/span><\/div><div class=\"fusion-social-networks\"><div class=\"fusion-social-networks-wrapper\"><a class=\"fusion-social-network-icon fusion-tooltip fusion-mail fusion-icon-mail\" aria-label=\"fusion-mail\" href=\"mailto:in&#102;o&#064;&#116;s&#118;t&#117;&#101;ba&#099;h.&#099;h\" target=\"_self\" style=\"color:#bebdbd;font-size:16px;\" data-placement=\"top\" data-title=\"Mail\" title=\"Mail\" data-toggle=\"tooltip\"><\/a><\/div><\/div><\/div><div class=\"person-content fusion-clearfix\"><\/div><\/div><\/div><div class=\"fusion-clearfix\"><\/div>\n\n\t\t\t\t\t<\/div>\n\t\t\t\t<\/div><div  class=\"fusion-layout-column fusion_builder_column fusion_builder_column_1_2 fusion-builder-column-3 fusion-one-half fusion-column-last 1_2\"  style='margin-top:0px;margin-bottom:20px;width:48%'>\n\t\t\t\t\t<div class=\"fusion-column-wrapper\" style=\"padding: 0px 0px 0px 0px;background-position:left top;background-repeat:no-repeat;-webkit-background-size:cover;-moz-background-size:cover;-o-background-size:cover;background-size:cover;\"   data-bg-url=\"\">\n\t\t\t\t\t\t<div class=\"fusion-person person fusion-person-center fusion-person-2 fusion-person-icon-top\"><div class=\"person-shortcode-image-wrapper\"><div class=\"person-image-container hover-type-none person-rounded-overflow\" style=\"-webkit-border-radius:10px;-moz-border-radius:10px;border-radius:10px;border:1px solid #0088cc;-webkit-border-radius:10px;-moz-border-radius:10px;border-radius:10px;\"><img loading=\"lazy\" class=\"person-img img-responsive wp-image-5011\" width=\"268\" height=\"300\" src=\"http:\/\/tsvtuebach.ch\/web\/wp-content\/uploads\/2022\/05\/20220509_184913-scaled-e1652441756110-268x300.jpg\" alt=\"Stefan Steiner\" srcset=\"https:\/\/tsvtuebach.ch\/web\/wp-content\/uploads\/2022\/05\/20220509_184913-scaled-e1652441756110-200x224.jpg 200w, https:\/\/tsvtuebach.ch\/web\/wp-content\/uploads\/2022\/05\/20220509_184913-scaled-e1652441756110-400x448.jpg 400w, https:\/\/tsvtuebach.ch\/web\/wp-content\/uploads\/2022\/05\/20220509_184913-scaled-e1652441756110-600x672.jpg 600w, https:\/\/tsvtuebach.ch\/web\/wp-content\/uploads\/2022\/05\/20220509_184913-scaled-e1652441756110-800x896.jpg 800w, https:\/\/tsvtuebach.ch\/web\/wp-content\/uploads\/2022\/05\/20220509_184913-scaled-e1652441756110-1200x1345.jpg 1200w, https:\/\/tsvtuebach.ch\/web\/wp-content\/uploads\/2022\/05\/20220509_184913-scaled-e1652441756110.jpg 1593w\" sizes=\"(max-width: 800px) 100vw, 268px\" \/><\/div><\/div><div class=\"person-desc\"><div class=\"person-author\"><div class=\"person-author-wrapper\"><span class=\"person-name\">Stefan Steiner<\/span><span class=\"person-title\">Co-Pr\u00e4sident TSV T\u00fcbach und Jugi T\u00fcbach<\/span><\/div><div class=\"fusion-social-networks\"><div class=\"fusion-social-networks-wrapper\"><a class=\"fusion-social-network-icon fusion-tooltip fusion-mail fusion-icon-mail\" aria-label=\"fusion-mail\" href=\"mailto:in&#102;o&#064;&#116;&#115;&#118;t&#117;eb&#097;&#099;h&#046;ch\" target=\"_self\" style=\"color:#bebdbd;font-size:16px;\" data-placement=\"top\" data-title=\"Mail\" title=\"Mail\" data-toggle=\"tooltip\"><\/a><\/div><\/div><\/div><div class=\"person-content fusion-clearfix\"><\/div><\/div><\/div><div class=\"fusion-clearfix\"><\/div>\n\n\t\t\t\t\t<\/div>\n\t\t\t\t<\/div><\/div><\/div><div class=\"fusion-fullwidth fullwidth-box hundred-percent-fullwidth non-hundred-percent-height-scrolling\"  style='background-color: rgba(255,255,255,0);background-position: center center;background-repeat: no-repeat;padding-top:0px;padding-right:0px;padding-bottom:0px;padding-left:0px;'><div class=\"fusion-builder-row fusion-row \"><div  class=\"fusion-layout-column fusion_builder_column fusion_builder_column_1_3 fusion-builder-column-4 fusion-one-third fusion-column-first 1_3\"  style='margin-top:0px;margin-bottom:20px;width:30.6666%; margin-right: 4%;'>\n\t\t\t\t\t<div class=\"fusion-column-wrapper\" style=\"padding: 0px 0px 0px 0px;background-position:left top;background-repeat:no-repeat;-webkit-background-size:cover;-moz-background-size:cover;-o-background-size:cover;background-size:cover;\"   data-bg-url=\"\">\n\t\t\t\t\t\t<div class=\"fusion-person person fusion-person-center fusion-person-3 fusion-person-icon-top\"><div class=\"person-shortcode-image-wrapper\"><div class=\"person-image-container hover-type-none person-rounded-overflow\" style=\"-webkit-border-radius:10px;-moz-border-radius:10px;border-radius:10px;border:1px solid #0088cc;-webkit-border-radius:10px;-moz-border-radius:10px;border-radius:10px;\"><img loading=\"lazy\" class=\"person-img img-responsive wp-image-5018\" width=\"268\" height=\"300\" src=\"http:\/\/tsvtuebach.ch\/web\/wp-content\/uploads\/2022\/05\/20220509_190740-scaled-e1652441817532-268x300.jpg\" alt=\"Lukas Faust\" srcset=\"https:\/\/tsvtuebach.ch\/web\/wp-content\/uploads\/2022\/05\/20220509_190740-scaled-e1652441817532-200x224.jpg 200w, https:\/\/tsvtuebach.ch\/web\/wp-content\/uploads\/2022\/05\/20220509_190740-scaled-e1652441817532-400x448.jpg 400w, https:\/\/tsvtuebach.ch\/web\/wp-content\/uploads\/2022\/05\/20220509_190740-scaled-e1652441817532-600x672.jpg 600w, https:\/\/tsvtuebach.ch\/web\/wp-content\/uploads\/2022\/05\/20220509_190740-scaled-e1652441817532-800x896.jpg 800w, https:\/\/tsvtuebach.ch\/web\/wp-content\/uploads\/2022\/05\/20220509_190740-scaled-e1652441817532-1200x1345.jpg 1200w, https:\/\/tsvtuebach.ch\/web\/wp-content\/uploads\/2022\/05\/20220509_190740-scaled-e1652441817532.jpg 1593w\" sizes=\"(max-width: 800px) 100vw, 268px\" \/><\/div><\/div><div class=\"person-desc\"><div class=\"person-author\"><div class=\"person-author-wrapper\"><span class=\"person-name\">Lukas Faust<\/span><span class=\"person-title\">Kassier TSV T\u00fcbach und Jugi T\u00fcbach<\/span><\/div><div class=\"fusion-social-networks\"><div class=\"fusion-social-networks-wrapper\"><a class=\"fusion-social-network-icon fusion-tooltip fusion-mail fusion-icon-mail\" aria-label=\"fusion-mail\" href=\"mailto:&#105;n&#102;&#111;&#064;&#116;s&#118;&#116;ue&#098;ach&#046;&#099;&#104;\" target=\"_self\" style=\"color:#bebdbd;font-size:16px;\" data-placement=\"top\" data-title=\"Mail\" title=\"Mail\" data-toggle=\"tooltip\"><\/a><\/div><\/div><\/div><div class=\"person-content fusion-clearfix\"><\/div><\/div><\/div><div class=\"fusion-clearfix\"><\/div>\n\n\t\t\t\t\t<\/div>\n\t\t\t\t<\/div><div  class=\"fusion-layout-column fusion_builder_column fusion_builder_column_1_3 fusion-builder-column-5 fusion-one-third 1_3\"  style='margin-top:0px;margin-bottom:20px;width:30.6666%; margin-right: 4%;'>\n\t\t\t\t\t<div class=\"fusion-column-wrapper\" style=\"padding: 0px 0px 0px 0px;background-position:left top;background-repeat:no-repeat;-webkit-background-size:cover;-moz-background-size:cover;-o-background-size:cover;background-size:cover;\"   data-bg-url=\"\">\n\t\t\t\t\t\t<div class=\"fusion-person person fusion-person-center fusion-person-4 fusion-person-icon-top\"><div class=\"person-shortcode-image-wrapper\"><div class=\"person-image-container hover-type-none person-rounded-overflow\" style=\"-webkit-border-radius:10px;-moz-border-radius:10px;border-radius:10px;border:1px solid #0088cc;-webkit-border-radius:10px;-moz-border-radius:10px;border-radius:10px;\"><img loading=\"lazy\" class=\"person-img img-responsive wp-image-5032\" width=\"268\" height=\"300\" src=\"http:\/\/tsvtuebach.ch\/web\/wp-content\/uploads\/2022\/05\/20220512_201556-neu-scaled-e1652442547239-268x300.jpg\" alt=\"Mich\u00e8le Locher\" srcset=\"https:\/\/tsvtuebach.ch\/web\/wp-content\/uploads\/2022\/05\/20220512_201556-neu-scaled-e1652442547239-200x224.jpg 200w, https:\/\/tsvtuebach.ch\/web\/wp-content\/uploads\/2022\/05\/20220512_201556-neu-scaled-e1652442547239-400x448.jpg 400w, https:\/\/tsvtuebach.ch\/web\/wp-content\/uploads\/2022\/05\/20220512_201556-neu-scaled-e1652442547239-600x672.jpg 600w, https:\/\/tsvtuebach.ch\/web\/wp-content\/uploads\/2022\/05\/20220512_201556-neu-scaled-e1652442547239-800x896.jpg 800w, https:\/\/tsvtuebach.ch\/web\/wp-content\/uploads\/2022\/05\/20220512_201556-neu-scaled-e1652442547239-1200x1345.jpg 1200w, https:\/\/tsvtuebach.ch\/web\/wp-content\/uploads\/2022\/05\/20220512_201556-neu-scaled-e1652442547239.jpg 1593w\" sizes=\"(max-width: 800px) 100vw, 268px\" \/><\/div><\/div><div class=\"person-desc\"><div class=\"person-author\"><div class=\"person-author-wrapper\"><span class=\"person-name\">Mich\u00e8le Locher<\/span><span class=\"person-title\">Aktuarin TSV T\u00fcbach und Jugi T\u00fcbach<\/span><\/div><div class=\"fusion-social-networks\"><div class=\"fusion-social-networks-wrapper\"><a class=\"fusion-social-network-icon fusion-tooltip fusion-mail fusion-icon-mail\" aria-label=\"fusion-mail\" href=\"mailto:i&#110;&#102;&#111;&#064;&#116;&#115;v&#116;&#117;eba&#099;h.&#099;&#104;\" target=\"_self\" style=\"color:#bebdbd;font-size:16px;\" data-placement=\"top\" data-title=\"Mail\" title=\"Mail\" data-toggle=\"tooltip\"><\/a><\/div><\/div><\/div><div class=\"person-content fusion-clearfix\"><\/div><\/div><\/div><div class=\"fusion-clearfix\"><\/div>\n\n\t\t\t\t\t<\/div>\n\t\t\t\t<\/div><div  class=\"fusion-layout-column fusion_builder_column fusion_builder_column_1_3 fusion-builder-column-6 fusion-one-third fusion-column-last 1_3\"  style='margin-top:0px;margin-bottom:20px;width:30.6666%'>\n\t\t\t\t\t<div class=\"fusion-column-wrapper\" style=\"padding: 0px 0px 0px 0px;background-position:left top;background-repeat:no-repeat;-webkit-background-size:cover;-moz-background-size:cover;-o-background-size:cover;background-size:cover;\"   data-bg-url=\"\">\n\t\t\t\t\t\t<div class=\"fusion-person person fusion-person-center fusion-person-5 fusion-person-icon-top\"><div class=\"person-shortcode-image-wrapper\"><div class=\"person-image-container hover-type-none person-rounded-overflow\" style=\"-webkit-border-radius:10px;-moz-border-radius:10px;border-radius:10px;border:1px solid #0088cc;-webkit-border-radius:10px;-moz-border-radius:10px;border-radius:10px;\"><img loading=\"lazy\" class=\"person-img img-responsive wp-image-5020\" width=\"268\" height=\"300\" src=\"http:\/\/tsvtuebach.ch\/web\/wp-content\/uploads\/2022\/05\/20220510_191255-scaled-e1652441951888-268x300.jpg\" alt=\"Nele Steffen\" srcset=\"https:\/\/tsvtuebach.ch\/web\/wp-content\/uploads\/2022\/05\/20220510_191255-scaled-e1652441951888-200x224.jpg 200w, https:\/\/tsvtuebach.ch\/web\/wp-content\/uploads\/2022\/05\/20220510_191255-scaled-e1652441951888-400x448.jpg 400w, https:\/\/tsvtuebach.ch\/web\/wp-content\/uploads\/2022\/05\/20220510_191255-scaled-e1652441951888-600x672.jpg 600w, https:\/\/tsvtuebach.ch\/web\/wp-content\/uploads\/2022\/05\/20220510_191255-scaled-e1652441951888-800x896.jpg 800w, https:\/\/tsvtuebach.ch\/web\/wp-content\/uploads\/2022\/05\/20220510_191255-scaled-e1652441951888-1200x1345.jpg 1200w, https:\/\/tsvtuebach.ch\/web\/wp-content\/uploads\/2022\/05\/20220510_191255-scaled-e1652441951888.jpg 1593w\" sizes=\"(max-width: 800px) 100vw, 268px\" \/><\/div><\/div><div class=\"person-desc\"><div class=\"person-author\"><div class=\"person-author-wrapper\"><span class=\"person-name\">Nele Steffen<\/span><span class=\"person-title\">Jugichefin TSV T\u00fcbach und Jugi T\u00fcbach<\/span><\/div><div class=\"fusion-social-networks\"><div class=\"fusion-social-networks-wrapper\"><a class=\"fusion-social-network-icon fusion-tooltip fusion-mail fusion-icon-mail\" aria-label=\"fusion-mail\" href=\"mailto:&#105;&#110;&#102;&#111;&#064;&#116;&#115;&#118;tueba&#099;h.c&#104;\" target=\"_self\" style=\"color:#bebdbd;font-size:16px;\" data-placement=\"top\" data-title=\"Mail\" title=\"Mail\" data-toggle=\"tooltip\"><\/a><\/div><\/div><\/div><div class=\"person-content fusion-clearfix\"><\/div><\/div><\/div><div class=\"fusion-clearfix\"><\/div>\n\n\t\t\t\t\t<\/div>\n\t\t\t\t<\/div><div  class=\"fusion-layout-column fusion_builder_column fusion_builder_column_1_3 fusion-builder-column-7 fusion-one-third fusion-column-first 1_3\"  style='margin-top:0px;margin-bottom:20px;width:30.6666%; margin-right: 4%;'>\n\t\t\t\t\t<div class=\"fusion-column-wrapper\" style=\"padding: 0px 0px 0px 0px;background-position:left top;background-repeat:no-repeat;-webkit-background-size:cover;-moz-background-size:cover;-o-background-size:cover;background-size:cover;\"   data-bg-url=\"\">\n\t\t\t\t\t\t<div class=\"fusion-person person fusion-person-center fusion-person-6 fusion-person-icon-top\"><div class=\"person-shortcode-image-wrapper\"><div class=\"person-image-container hover-type-none person-rounded-overflow\" style=\"-webkit-border-radius:10px;-moz-border-radius:10px;border-radius:10px;border:1px solid #0088cc;-webkit-border-radius:10px;-moz-border-radius:10px;border-radius:10px;\"><img loading=\"lazy\" class=\"person-img img-responsive wp-image-5015\" width=\"268\" height=\"300\" src=\"http:\/\/tsvtuebach.ch\/web\/wp-content\/uploads\/2022\/05\/20220509_190110-scaled-e1652441880710-268x300.jpg\" alt=\"Pascal Scherrer\" srcset=\"https:\/\/tsvtuebach.ch\/web\/wp-content\/uploads\/2022\/05\/20220509_190110-scaled-e1652441880710-200x224.jpg 200w, https:\/\/tsvtuebach.ch\/web\/wp-content\/uploads\/2022\/05\/20220509_190110-scaled-e1652441880710-400x448.jpg 400w, https:\/\/tsvtuebach.ch\/web\/wp-content\/uploads\/2022\/05\/20220509_190110-scaled-e1652441880710-600x672.jpg 600w, https:\/\/tsvtuebach.ch\/web\/wp-content\/uploads\/2022\/05\/20220509_190110-scaled-e1652441880710-800x896.jpg 800w, https:\/\/tsvtuebach.ch\/web\/wp-content\/uploads\/2022\/05\/20220509_190110-scaled-e1652441880710-1200x1345.jpg 1200w, https:\/\/tsvtuebach.ch\/web\/wp-content\/uploads\/2022\/05\/20220509_190110-scaled-e1652441880710.jpg 1593w\" sizes=\"(max-width: 800px) 100vw, 268px\" \/><\/div><\/div><div class=\"person-desc\"><div class=\"person-author\"><div class=\"person-author-wrapper\"><span class=\"person-name\">Pascal Scherrer<\/span><span class=\"person-title\">Beisitz TSV T\u00fcbach<\/span><\/div><div class=\"fusion-social-networks\"><div class=\"fusion-social-networks-wrapper\"><a class=\"fusion-social-network-icon fusion-tooltip fusion-mail fusion-icon-mail\" aria-label=\"fusion-mail\" href=\"mailto:&#105;&#110;f&#111;&#064;&#116;svtue&#098;a&#099;h&#046;&#099;&#104;\" target=\"_self\" style=\"color:#bebdbd;font-size:16px;\" data-placement=\"top\" data-title=\"Mail\" title=\"Mail\" data-toggle=\"tooltip\"><\/a><\/div><\/div><\/div><div class=\"person-content fusion-clearfix\"><\/div><\/div><\/div><div class=\"fusion-clearfix\"><\/div>\n\n\t\t\t\t\t<\/div>\n\t\t\t\t<\/div><div  class=\"fusion-layout-column fusion_builder_column fusion_builder_column_1_3 fusion-builder-column-8 fusion-one-third 1_3\"  style='margin-top:0px;margin-bottom:20px;width:30.6666%; margin-right: 4%;'>\n\t\t\t\t\t<div class=\"fusion-column-wrapper\" style=\"padding: 0px 0px 0px 0px;background-position:left top;background-repeat:no-repeat;-webkit-background-size:cover;-moz-background-size:cover;-o-background-size:cover;background-size:cover;\"   data-bg-url=\"\">\n\t\t\t\t\t\t<div class=\"fusion-person person fusion-person-center fusion-person-7 fusion-person-icon-top\"><div class=\"person-shortcode-image-wrapper\"><div class=\"person-image-container hover-type-none person-rounded-overflow\" style=\"-webkit-border-radius:10px;-moz-border-radius:10px;border-radius:10px;border:1px solid #0088cc;-webkit-border-radius:10px;-moz-border-radius:10px;border-radius:10px;\"><img loading=\"lazy\" class=\"person-img img-responsive wp-image-5757\" width=\"268\" height=\"300\" src=\"http:\/\/tsvtuebach.ch\/web\/wp-content\/uploads\/2023\/03\/20230306_184937-scaled-e1678136000804-268x300.jpg\" alt=\"Sandra Loher\" srcset=\"https:\/\/tsvtuebach.ch\/web\/wp-content\/uploads\/2023\/03\/20230306_184937-scaled-e1678136000804-200x224.jpg 200w, https:\/\/tsvtuebach.ch\/web\/wp-content\/uploads\/2023\/03\/20230306_184937-scaled-e1678136000804-400x448.jpg 400w, https:\/\/tsvtuebach.ch\/web\/wp-content\/uploads\/2023\/03\/20230306_184937-scaled-e1678136000804-600x672.jpg 600w, https:\/\/tsvtuebach.ch\/web\/wp-content\/uploads\/2023\/03\/20230306_184937-scaled-e1678136000804-800x896.jpg 800w, https:\/\/tsvtuebach.ch\/web\/wp-content\/uploads\/2023\/03\/20230306_184937-scaled-e1678136000804-1200x1345.jpg 1200w, https:\/\/tsvtuebach.ch\/web\/wp-content\/uploads\/2023\/03\/20230306_184937-scaled-e1678136000804.jpg 1593w\" sizes=\"(max-width: 800px) 100vw, 268px\" \/><\/div><\/div><div class=\"person-desc\"><div class=\"person-author\"><div class=\"person-author-wrapper\"><span class=\"person-name\">Sandra Loher<\/span><span class=\"person-title\">Beisitz TSV T\u00fcbach<\/span><\/div><div class=\"fusion-social-networks\"><div class=\"fusion-social-networks-wrapper\"><a class=\"fusion-social-network-icon fusion-tooltip fusion-mail fusion-icon-mail\" aria-label=\"fusion-mail\" href=\"mailto:&#105;&#110;&#102;o&#064;&#116;s&#118;&#116;u&#101;&#098;ac&#104;&#046;ch\" target=\"_self\" style=\"color:#bebdbd;font-size:16px;\" data-placement=\"top\" data-title=\"Mail\" title=\"Mail\" data-toggle=\"tooltip\"><\/a><\/div><\/div><\/div><div class=\"person-content fusion-clearfix\"><\/div><\/div><\/div><div class=\"fusion-clearfix\"><\/div>\n\n\t\t\t\t\t<\/div>\n\t\t\t\t<\/div><\/div><\/div><\/p>\n","protected":false},"excerpt":{"rendered":"","protected":false},"author":4,"featured_media":0,"parent":24,"menu_order":0,"comment_status":"closed","ping_status":"closed","template":"","meta":[],"_links":{"self":[{"href":"https:\/\/tsvtuebach.ch\/web\/wp-json\/wp\/v2\/pages\/215"}],"collection":[{"href":"https:\/\/tsvtuebach.ch\/web\/wp-json\/wp\/v2\/pages"}],"about":[{"href":"https:\/\/tsvtuebach.ch\/web\/wp-json\/wp\/v2\/types\/page"}],"author":[{"embeddable":true,"href":"https:\/\/tsvtuebach.ch\/web\/wp-json\/wp\/v2\/users\/4"}],"replies":[{"embeddable":true,"href":"https:\/\/tsvtuebach.ch\/web\/wp-json\/wp\/v2\/comments?post=215"}],"version-history":[{"count":55,"href":"https:\/\/tsvtuebach.ch\/web\/wp-json\/wp\/v2\/pages\/215\/revisions"}],"predecessor-version":[{"id":8076,"href":"https:\/\/tsvtuebach.ch\/web\/wp-json\/wp\/v2\/pages\/215\/revisions\/8076"}],"up":[{"embeddable":true,"href":"https:\/\/tsvtuebach.ch\/web\/wp-json\/wp\/v2\/pages\/24"}],"wp:attachment":[{"href":"https:\/\/tsvtuebach.ch\/web\/wp-json\/wp\/v2\/media?parent=215"}],"curies":[{"name":"wp","href":"https:\/\/api.w.org\/{rel}","templated":true}]}}